{"id":126,"date":"2024-07-24T14:19:15","date_gmt":"2024-07-24T12:19:15","guid":{"rendered":"https:\/\/mozaikvoices.be\/?page_id=126"},"modified":"2025-04-08T22:08:55","modified_gmt":"2025-04-08T20:08:55","slug":"mozaik-voices","status":"publish","type":"page","link":"https:\/\/mozaikvoices.be\/index.php\/mozaik-voices\/","title":{"rendered":"Qui sommes-nous ?"},"content":{"rendered":"\n<div class=\"wp-block-cover aligncenter\"><span aria-hidden=\"true\" class=\"wp-block-cover__background has-background-dim\"><\/span><img loading=\"lazy\" decoding=\"async\" width=\"811\" height=\"542\" class=\"wp-block-cover__image-background wp-image-127\" alt=\"Moza\u00efk Voices\" src=\"https:\/\/mozaikvoices.be\/wp-content\/uploads\/2024\/07\/mv_001.jpeg\" data-object-fit=\"cover\" srcset=\"https:\/\/mozaikvoices.be\/wp-content\/uploads\/2024\/07\/mv_001.jpeg 811w, https:\/\/mozaikvoices.be\/wp-content\/uploads\/2024\/07\/mv_001-300x200.jpeg 300w, https:\/\/mozaikvoices.be\/wp-content\/uploads\/2024\/07\/mv_001-768x513.jpeg 768w\" sizes=\"auto, (max-width: 811px) 100vw, 811px\" \/><div class=\"wp-block-cover__inner-container is-layout-flow wp-block-cover-is-layout-flow\">\n<p class=\"has-text-align-center has-x-large-font-size\"><strong>Moza\u00efk Voices<\/strong><\/p>\n\n\n\n<p class=\"has-text-align-center has-x-large-font-size\"><strong>Ensemble vocal d'arlon<\/strong><\/p>\n<\/div><\/div>\n\n\n\n<p><\/p>\n\n\n\n<p>N\u00e9 en 2008, notre ensemble vocal se compose actuellement d\u2019une trentaine de choristes. Certains sont issus des ch\u0153urs d\u2019enfants de La SONATINE, dont ils ont fait partie pendant plusieurs ann\u00e9es parfois. Nous sommes pour la plupart amateurs, mais avons tous une exp\u00e9rience musicale permettant la d\u00e9couverte d\u2019\u0153uvres exigeantes, sans exclusion de style.<\/p>\n\n\n\n<p>Au fil des ans, MOZA\u00cfK Voices a eu l\u2019occasion de participer \u00e0 plusieurs festivals et rencontres, notamment en Suisse (<em>20 Heures de Musiques de Romont<\/em>), \u00e0 Londres (<em>Sangerstevne Music Festival<\/em>), \u00e0 Paris (avec le ch\u0153ur <em>Why Notes<\/em>), sans oublier les d\u00e9buts au Japon en 2008 avec La SONATINE.<\/p>\n\n\n\n<p>Si le jazz choral est souvent au menu de nos prestations, notre ch\u0153ur prend tout autant de plaisir \u00e0 interpr\u00e9ter des \u0153uvres du r\u00e9pertoire baroque ou \u00e0 d\u00e9couvrir celles de compositeurs contemporains comme Ola Gjeilo ou John Rutter, dont il a pr\u00e9sent\u00e9 en 2014 la&nbsp;<em>Mass of the Children<\/em>&nbsp;avec l\u2019orchestre luxembourgeois Estro Armonico et, plus r\u00e9cemment (mars 2023), son <em>Requiem<\/em> avec le Symphonique de Thionville-Moselle.<\/p>\n\n\n\n<p>C\u2019est avec l\u2019orchestre Estro Armonico que MOZA\u00cfK Voices a pr\u00e9sent\u00e9 en mars 2017, \u00e0 Arlon et \u00e0 Bruxelles, un programme enti\u00e8rement d\u00e9di\u00e9 \u00e0 Mozart, reprenant notamment la&nbsp;<em>Messe du Couronnement KV 317<\/em>&nbsp;et des extraits de&nbsp;<em>Die Zauberfl\u00f6te<\/em>.<\/p>\n\n\n\n<p>Retour au jazz en 2022 avec la&nbsp;<em>Missa in Jazz<\/em>&nbsp;de Peter Schindler pour ch\u0153ur, saxophone solo et quatuor de jazz. Ce programme a notamment \u00e9t\u00e9 pr\u00e9sent\u00e9 au festival Royal Juillet Musical de Saint-Hubert.<\/p>\n\n\n\n<p>\u00c0 l\u2019automne 2023, une collaboration avec la soprano&nbsp;<em>Gianna Ca\u00f1ete Gallo<\/em>&nbsp;et le pianiste&nbsp;<em>M\u00e9rylien Bajot<\/em>&nbsp;nous a fait voyager \u00e0 travers les si\u00e8cles et les continents \u00e0 la d\u00e9couverte d\u2019un r\u00e9pertoire latino-am\u00e9ricain tr\u00e8s vari\u00e9, de Roland de Lassus \u00e0 L\u00e9onard Bernstein.<\/p>\n\n\n\n<p>En d\u00e9cembre, notre traditionnel concert de No\u00ebl a \u00e9t\u00e9 l\u2019occasion de retrouver de grands compositeurs classiques comme Joseph Haydn et Georg Friedrich H\u00e4ndel (Extraits du&nbsp;<em>Messie<\/em>) pour un programme agr\u00e9ment\u00e9 d\u2019un bouquet de beaux chants de No\u00ebl.<\/p>\n\n\n\n<p>L\u2019ann\u00e9e 2024 a \u00e9t\u00e9 riche en prestations. Au printemps, MOZA\u00cfK Voices a propos\u00e9 quelques pi\u00e8ces de son r\u00e9pertoire sacr\u00e9 aux c\u00f4t\u00e9s de l\u2019organiste Marc Steffens, titulaire des orgues de l\u2019\u00e9glise Saint-Nicolas d\u2019Eupen. Dans les mois qui ont suivi, nous avons particip\u00e9 au festival <em>Namur en Ch\u0153urs<\/em> (Belgique) ainsi qu\u2019aux <em>20 Heures de Musiques de Romont<\/em> (Suisse). Nous avons \u00e9galement partag\u00e9 la sc\u00e8ne avec des ensembles luxembourgeois et bulgare dans le cadre de <em>Sangen ouni Grenzen<\/em> \u00e0 Roeser (Grand-Duch\u00e9 de Luxembourg).<\/p>\n\n\n\n<p>\u00c0 l\u2019occasion des f\u00eates de fin d\u2019ann\u00e9e, nous nous sommes une nouvelle fois associ\u00e9s aux 25 musiciens de l\u2019orchestre Estro Armonico pour proposer, lors de deux prestations, un programme de circonstance, avec en point d\u2019orgue la cantate d\u2019ouverture de l'Oratorio de No\u00ebl de Jean-S\u00e9bastien Bach, le WEIHNACHTSORATORIUM, BWV 248, mais aussi des compositions de Ola Gjeilo, John Rutter et Philippe Rombi.<\/p>\n\n\n\n<p>Plusieurs rendez-vous sont au programme pour 2025, et notamment une prestation le samedi 21 juin en l\u2019\u00e9glise Saint-Martin d\u2019Arlon dans le cadre de la F\u00eate de la musique (en collaboration avec l\u2019ensemble \u00e0 cordes Staccato) ainsi que deux concerts de No\u00ebl, \u00e0 Halanzy et \u00e0 Arlon, les 13 et 14 d\u00e9cembre.<\/p>\n\n\n\n<p>MOZA\u00cfK Voices est une association de fait sans but lucratif fonctionnant uniquement gr\u00e2ce aux cotisations des choristes.<\/p>\n","protected":false},"excerpt":{"rendered":"<p>N\u00e9 en 2008, notre ensemble vocal se compose actuellement d\u2019une trentaine de choristes. Certains sont issus des ch\u0153urs d\u2019enfants de<\/p>\n","protected":false},"author":1,"featured_media":0,"parent":0,"menu_order":0,"comment_status":"closed","ping_status":"closed","template":"","meta":{"colormag_page_container_layout":"default_layout","colormag_page_sidebar_layout":"default_layout","footnotes":""},"class_list":["post-126","page","type-page","status-publish","hentry"],"_links":{"self":[{"href":"https:\/\/mozaikvoices.be\/index.php\/wp-json\/wp\/v2\/pages\/126","targetHints":{"allow":["GET"]}}],"collection":[{"href":"https:\/\/mozaikvoices.be\/index.php\/wp-json\/wp\/v2\/pages"}],"about":[{"href":"https:\/\/mozaikvoices.be\/index.php\/wp-json\/wp\/v2\/types\/page"}],"author":[{"embeddable":true,"href":"https:\/\/mozaikvoices.be\/index.php\/wp-json\/wp\/v2\/users\/1"}],"replies":[{"embeddable":true,"href":"https:\/\/mozaikvoices.be\/index.php\/wp-json\/wp\/v2\/comments?post=126"}],"version-history":[{"count":6,"href":"https:\/\/mozaikvoices.be\/index.php\/wp-json\/wp\/v2\/pages\/126\/revisions"}],"predecessor-version":[{"id":321,"href":"https:\/\/mozaikvoices.be\/index.php\/wp-json\/wp\/v2\/pages\/126\/revisions\/321"}],"wp:attachment":[{"href":"https:\/\/mozaikvoices.be\/index.php\/wp-json\/wp\/v2\/media?parent=126"}],"curies":[{"name":"wp","href":"https:\/\/api.w.org\/{rel}","templated":true}]}}